{"id":4644,"date":"2026-01-12T11:37:27","date_gmt":"2026-01-12T10:37:27","guid":{"rendered":"https:\/\/begegnungszentrum.ch\/?post_type=kultur&#038;p=4644"},"modified":"2026-03-02T13:14:29","modified_gmt":"2026-03-02T12:14:29","slug":"4644","status":"publish","type":"kultur","link":"https:\/\/begegnungszentrum.ch\/en\/kultur\/4644\/","title":{"rendered":"Taru Ensemble &#8222;Szenen der Tristesse&#8220;"},"content":{"rendered":"<p class=\"wp-block-paragraph\">Eintritt frei, Kollekte<\/p>","protected":false},"excerpt":{"rendered":"<p>Auch im Jahr 2026 darf man sich auf die beliebten Kammermusikkonzerte im Kaminsalon des Begegnungszentrums freuen. Die Konzertgesellschaft f\u00fcr finnische Musik pr\u00e4sentiert ein vielf\u00e4ltiges Programm. Das Auftaktkonzert zum Jahr 2026 mit dem Titel \u201eSzenen der Tristesse\u201c l\u00e4dt dazu ein, der Sch\u00f6nheit der verletzlichen Momente des Lebens nachzusp\u00fcren. Der Pianist Aleck Carratta, begleitet von den Streichern des Taru Ensembles, interpretiert zwei Werke von W.\u202fA. Mozart, die zu seinen emotional komplexesten Kompositionen z\u00e4hlen. Neben den seltenen Mollwerken \u2013 der Klaviersonate in a Moll und dem Klavierquartett in g Moll \u2013 stehen zwei weitere St\u00fccke, in denen Musik zur inneren Stimme wird. In Esa Pekka Salonens modernem Solost\u00fcck f\u00fcr Violine beunruhigt ein verlorenes Lachen, w\u00e4hrend Per N\u00f8rg\u00e5rds filmisch poetische Pastorale f\u00fcr Streichtrio eine stille, schwebende Melancholie entfaltet. Vor dem Konzert l\u00e4dt ein geselliges \u201eMeet &#038; Greet the Artists\u201c zum pers\u00f6nlichen Austausch mit den K\u00fcnstlern ein. Herzlich willkommen!<\/p>","protected":false},"featured_media":4604,"template":"","class_list":["post-4644","kultur","type-kultur","status-publish","has-post-thumbnail","hentry"],"_links":{"self":[{"href":"https:\/\/begegnungszentrum.ch\/en\/wp-json\/wp\/v2\/kultur\/4644","targetHints":{"allow":["GET"]}}],"collection":[{"href":"https:\/\/begegnungszentrum.ch\/en\/wp-json\/wp\/v2\/kultur"}],"about":[{"href":"https:\/\/begegnungszentrum.ch\/en\/wp-json\/wp\/v2\/types\/kultur"}],"version-history":[{"count":0,"href":"https:\/\/begegnungszentrum.ch\/en\/wp-json\/wp\/v2\/kultur\/4644\/revisions"}],"wp:featuredmedia":[{"embeddable":true,"href":"https:\/\/begegnungszentrum.ch\/en\/wp-json\/wp\/v2\/media\/4604"}],"wp:attachment":[{"href":"https:\/\/begegnungszentrum.ch\/en\/wp-json\/wp\/v2\/media?parent=4644"}],"curies":[{"name":"wp","href":"https:\/\/api.w.org\/{rel}","templated":true}]}}