{"id":4647,"date":"2026-02-23T10:34:18","date_gmt":"2026-02-23T09:34:18","guid":{"rendered":"https:\/\/begegnungszentrum.ch\/?page_id=4647"},"modified":"2026-08-13T12:01:32","modified_gmt":"2026-08-13T10:01:32","slug":"velo-vermietung","status":"publish","type":"page","link":"https:\/\/begegnungszentrum.ch\/en\/angebot\/velo-vermietung\/","title":{"rendered":"Velo-Vermietung"},"content":{"rendered":"<div data-elementor-type=\"wp-page\" data-elementor-id=\"4647\" class=\"elementor elementor-4647\" data-elementor-post-type=\"page\">\n\t\t\t\t\t\t<section class=\"elementor-section elementor-top-section elementor-element elementor-element-3a65a0d elementor-section-full_width elementor-section-height-min-height elementor-section-height-default elementor-section-items-middle\" data-id=\"3a65a0d\" data-element_type=\"section\" data-e-type=\"section\" data-settings=\"{&quot;background_background&quot;:&quot;classic&quot;}\">\n\t\t\t\t\t\t\t<div class=\"elementor-background-overlay\"><\/div>\n\t\t\t\t\t\t\t<div class=\"elementor-container elementor-column-gap-default\">\n\t\t\t\t\t<div class=\"elementor-column elementor-col-100 elementor-top-column elementor-element elementor-element-1d2e121\" data-id=\"1d2e121\" data-element_type=\"column\" data-e-type=\"column\">\n\t\t\t<div class=\"elementor-widget-wrap elementor-element-populated\">\n\t\t\t\t\t\t<div class=\"elementor-element elementor-element-75786ae elementor-widget elementor-widget-heading\" data-id=\"75786ae\" data-element_type=\"widget\" data-e-type=\"widget\" data-widget_type=\"heading.default\">\n\t\t\t\t<div class=\"elementor-widget-container\">\n\t\t\t\t\t<h1 class=\"elementor-heading-title elementor-size-default\">Velo-Vermietung<\/h1>\t\t\t\t<\/div>\n\t\t\t\t<\/div>\n\t\t\t\t\t<\/div>\n\t\t<\/div>\n\t\t\t\t\t<\/div>\n\t\t<\/section>\n\t\t\t\t<section class=\"elementor-section elementor-top-section elementor-element elementor-element-5c52040 elementor-reverse-mobile elementor-section-full_width elementor-reverse-tablet elementor-section-height-default elementor-section-height-default\" data-id=\"5c52040\" data-element_type=\"section\" data-e-type=\"section\">\n\t\t\t\t\t\t<div class=\"elementor-container elementor-column-gap-default\">\n\t\t\t\t\t<div class=\"elementor-column elementor-col-100 elementor-top-column elementor-element elementor-element-f6c08ec\" data-id=\"f6c08ec\" data-element_type=\"column\" data-e-type=\"column\">\n\t\t\t<div class=\"elementor-widget-wrap elementor-element-populated\">\n\t\t\t\t\t\t<section class=\"elementor-section elementor-inner-section elementor-element elementor-element-685a261 elementor-section-full_width elementor-section-height-default elementor-section-height-default\" data-id=\"685a261\" data-element_type=\"section\" data-e-type=\"section\">\n\t\t\t\t\t\t<div class=\"elementor-container elementor-column-gap-default\">\n\t\t\t\t\t<div class=\"elementor-column elementor-col-100 elementor-inner-column elementor-element elementor-element-d2c7f94\" data-id=\"d2c7f94\" data-element_type=\"column\" data-e-type=\"column\">\n\t\t\t<div class=\"elementor-widget-wrap elementor-element-populated\">\n\t\t\t\t\t\t<div class=\"elementor-element elementor-element-c87ea6b elementor-widget elementor-widget-heading\" data-id=\"c87ea6b\" data-element_type=\"widget\" data-e-type=\"widget\" data-widget_type=\"heading.default\">\n\t\t\t\t<div class=\"elementor-widget-container\">\n\t\t\t\t\t<h5 class=\"elementor-heading-title elementor-size-default\">Von idyllischen Flusswegen bis zu spannenden Naturpfaden<\/h5>\t\t\t\t<\/div>\n\t\t\t\t<\/div>\n\t\t\t\t<div class=\"elementor-element elementor-element-39ba5a1 elementor-widget-divider--separator-type-pattern elementor-widget-divider--no-spacing elementor-widget-divider--view-line elementor-widget elementor-widget-divider\" data-id=\"39ba5a1\" data-element_type=\"widget\" data-e-type=\"widget\" data-widget_type=\"divider.default\">\n\t\t\t\t<div class=\"elementor-widget-container\">\n\t\t\t\t\t\t\t<div class=\"elementor-divider\" style=\"--divider-pattern-url: url(&quot;data:image\/svg+xml,%3Csvg xmlns=&#039;http:\/\/www.w3.org\/2000\/svg&#039; preserveAspectRatio=&#039;xMidYMid meet&#039; overflow=&#039;visible&#039; height=&#039;100%&#039; viewBox=&#039;0 0 126 26&#039; fill=&#039;black&#039; stroke=&#039;none&#039;%3E%3Cpath d=&#039;M3,10.2c2.6,0,2.6,2,2.6,3.2S4.4,16.5,3,16.5s-3-1.4-3-3.2S0.4,10.2,3,10.2z M18.8,10.2c1.7,0,3.2,1.4,3.2,3.2s-1.4,3.2-3.2,3.2c-1.7,0-3.2-1.4-3.2-3.2S17,10.2,18.8,10.2z M34.6,10.2c1.5,0,2.6,1.4,2.6,3.2s-0.5,3.2-1.9,3.2c-1.5,0-3.4-1.4-3.4-3.2S33.1,10.2,34.6,10.2z M50.5,10.2c1.7,0,3.2,1.4,3.2,3.2s-1.4,3.2-3.2,3.2c-1.7,0-3.3-0.9-3.3-2.6S48.7,10.2,50.5,10.2z M66.2,10.2c1.5,0,3.4,1.4,3.4,3.2s-1.9,3.2-3.4,3.2c-1.5,0-2.6-0.4-2.6-2.1S64.8,10.2,66.2,10.2z M82.2,10.2c1.7,0.8,2.6,1.4,2.6,3.2s-0.1,3.2-1.6,3.2c-1.5,0-3.7-1.4-3.7-3.2S80.5,9.4,82.2,10.2zM98.6,10.2c1.5,0,2.6,0.4,2.6,2.1s-1.2,4.2-2.6,4.2c-1.5,0-3.7-0.4-3.7-2.1S97.1,10.2,98.6,10.2z M113.4,10.2c1.2,0,2.2,0.9,2.2,3.2s-0.1,3.2-1.3,3.2s-3.1-1.4-3.1-3.2S112.2,10.2,113.4,10.2z&#039;\/%3E%3C\/svg%3E&quot;);\">\n\t\t\t<span class=\"elementor-divider-separator\">\n\t\t\t\t\t\t<\/span>\n\t\t<\/div>\n\t\t\t\t\t\t<\/div>\n\t\t\t\t<\/div>\n\t\t\t\t<div class=\"elementor-element elementor-element-f5b26ed elementor-invisible elementor-widget elementor-widget-heading\" data-id=\"f5b26ed\" data-element_type=\"widget\" data-e-type=\"widget\" data-settings=\"{&quot;_animation&quot;:&quot;fadeInUp&quot;,&quot;_animation_delay&quot;:200}\" data-widget_type=\"heading.default\">\n\t\t\t\t<div class=\"elementor-widget-container\">\n\t\t\t\t\t<h2 class=\"elementor-heading-title elementor-size-default\">Die Region auf zwei R\u00e4dern entdecken<\/h2>\t\t\t\t<\/div>\n\t\t\t\t<\/div>\n\t\t\t\t\t<\/div>\n\t\t<\/div>\n\t\t\t\t\t<\/div>\n\t\t<\/section>\n\t\t\t\t<div class=\"elementor-element elementor-element-d600af9 elementor-invisible elementor-widget elementor-widget-text-editor\" data-id=\"d600af9\" data-element_type=\"widget\" data-e-type=\"widget\" data-settings=\"{&quot;_animation&quot;:&quot;fadeInUp&quot;,&quot;_animation_delay&quot;:400}\" data-widget_type=\"text-editor.default\">\n\t\t\t\t<div class=\"elementor-widget-container\">\n\t\t\t\t\t\t\t\t\t<p>Ab April 2026 k\u00f6nnen wir dank der grossz\u00fcgigen Unterst\u00fctzung und F\u00f6rderung durch den <a href=\"https:\/\/naturpark-schaffhausen.ch\" target=\"_blank\" rel=\"noopener\">Regionalen Naturpark Schaffhausen<\/a>\u00a0Velos zur Miete anbieten.<\/p>\t\t\t\t\t\t\t\t<\/div>\n\t\t\t\t<\/div>\n\t\t\t\t\t<\/div>\n\t\t<\/div>\n\t\t\t\t\t<\/div>\n\t\t<\/section>\n\t\t\t\t<section class=\"elementor-section elementor-top-section elementor-element elementor-element-c44327b elementor-section-full_width elementor-section-height-default elementor-section-height-default\" data-id=\"c44327b\" data-element_type=\"section\" data-e-type=\"section\">\n\t\t\t\t\t\t<div class=\"elementor-container elementor-column-gap-default\">\n\t\t\t\t\t<div class=\"elementor-column elementor-col-50 elementor-top-column elementor-element elementor-element-d9a3d72\" data-id=\"d9a3d72\" data-element_type=\"column\" data-e-type=\"column\">\n\t\t\t<div class=\"elementor-widget-wrap elementor-element-populated\">\n\t\t\t\t\t\t<div class=\"elementor-element elementor-element-be4a618 elementor-invisible elementor-widget elementor-widget-text-editor\" data-id=\"be4a618\" data-element_type=\"widget\" data-e-type=\"widget\" data-settings=\"{&quot;_animation&quot;:&quot;fadeInUp&quot;,&quot;_animation_delay&quot;:400}\" data-widget_type=\"text-editor.default\">\n\t\t\t\t<div class=\"elementor-widget-container\">\n\t\t\t\t\t\t\t\t\tWir verf\u00fcgen \u00fcber insgesamt 25 Klappvelos, die sowohl f\u00fcr Jugendliche als auch f\u00fcr Erwachsene geeignet sind. Alle Modelle sind rein mechanisch mit Kettenschaltung.\t\t\t\t\t\t\t\t<\/div>\n\t\t\t\t<\/div>\n\t\t\t\t<div class=\"elementor-element elementor-element-682ce57 elementor-widget elementor-widget-button\" data-id=\"682ce57\" data-element_type=\"widget\" data-e-type=\"widget\" data-widget_type=\"button.default\">\n\t\t\t\t<div class=\"elementor-widget-container\">\n\t\t\t\t\t\t\t\t\t<div class=\"elementor-button-wrapper\">\n\t\t\t\t\t<a class=\"elementor-button elementor-button-link elementor-size-sm\" href=\"#elementor-action%3Aaction%3Dpopup%3Aopen%26settings%3DeyJpZCI6IjM3NzIiLCJ0b2dnbGUiOmZhbHNlfQ%3D%3D\">\n\t\t\t\t\t\t<span class=\"elementor-button-content-wrapper\">\n\t\t\t\t\t\t<span class=\"elementor-button-icon\">\n\t\t\t\t<i aria-hidden=\"true\" class=\"icon icon-arrow-right\"><\/i>\t\t\t<\/span>\n\t\t\t\t\t\t\t\t\t<span class=\"elementor-button-text\">Jetzt Velo-Miete anfragen<\/span>\n\t\t\t\t\t<\/span>\n\t\t\t\t\t<\/a>\n\t\t\t\t<\/div>\n\t\t\t\t\t\t\t\t<\/div>\n\t\t\t\t<\/div>\n\t\t\t\t\t<\/div>\n\t\t<\/div>\n\t\t\t\t<div class=\"elementor-column elementor-col-50 elementor-top-column elementor-element elementor-element-d581171\" data-id=\"d581171\" data-element_type=\"column\" data-e-type=\"column\">\n\t\t\t<div class=\"elementor-widget-wrap elementor-element-populated\">\n\t\t\t\t\t\t<div class=\"elementor-element elementor-element-f5d0ed1 elementor-invisible elementor-widget elementor-widget-image\" data-id=\"f5d0ed1\" data-element_type=\"widget\" data-e-type=\"widget\" data-settings=\"{&quot;_animation&quot;:&quot;fadeIn&quot;,&quot;_animation_delay&quot;:200}\" data-widget_type=\"image.default\">\n\t\t\t\t<div class=\"elementor-widget-container\">\n\t\t\t\t\t\t\t\t\t\t\t\t\t\t\t\t<a href=\"https:\/\/begegnungszentrum.ch\/wp-content\/uploads\/2026\/02\/begegnungszentrum-ruedlingen-velo-vermietung.webp\" data-elementor-open-lightbox=\"yes\" data-elementor-lightbox-title=\"begegnungszentrum-ruedlingen-velo-vermietung\" data-e-action-hash=\"#elementor-action%3Aaction%3Dlightbox%26settings%3DeyJpZCI6NDY1NSwidXJsIjoiaHR0cHM6XC9cL2JlZ2VnbnVuZ3N6ZW50cnVtLmNoXC93cC1jb250ZW50XC91cGxvYWRzXC8yMDI2XC8wMlwvYmVnZWdudW5nc3plbnRydW0tcnVlZGxpbmdlbi12ZWxvLXZlcm1pZXR1bmcud2VicCJ9\">\n\t\t\t\t\t\t\t<img decoding=\"async\" src=\"https:\/\/begegnungszentrum.ch\/wp-content\/uploads\/elementor\/thumbs\/begegnungszentrum-ruedlingen-velo-vermietung-rjklr9ns4kthvkn515t92grwmp2n8lejufk7tim5jc.webp\" title=\"begegnungszentrum-ruedlingen-velo-vermietung\" alt=\"begegnungszentrum-ruedlingen-velo-vermietung\" loading=\"lazy\" \/>\t\t\t\t\t\t\t\t<\/a>\n\t\t\t\t\t\t\t\t\t\t\t\t\t\t\t<\/div>\n\t\t\t\t<\/div>\n\t\t\t\t\t<\/div>\n\t\t<\/div>\n\t\t\t\t\t<\/div>\n\t\t<\/section>\n\t\t\t\t<section class=\"elementor-section elementor-top-section elementor-element elementor-element-6336f56 elementor-section-full_width elementor-section-height-default elementor-section-height-default\" data-id=\"6336f56\" data-element_type=\"section\" data-e-type=\"section\">\n\t\t\t\t\t\t<div class=\"elementor-container elementor-column-gap-default\">\n\t\t\t\t\t<div class=\"elementor-column elementor-col-100 elementor-top-column elementor-element elementor-element-bc6dbfd\" data-id=\"bc6dbfd\" data-element_type=\"column\" data-e-type=\"column\">\n\t\t\t<div class=\"elementor-widget-wrap elementor-element-populated\">\n\t\t\t\t\t\t<section class=\"elementor-section elementor-inner-section elementor-element elementor-element-0973b7a elementor-section-full_width elementor-section-height-default elementor-section-height-default\" data-id=\"0973b7a\" data-element_type=\"section\" data-e-type=\"section\">\n\t\t\t\t\t\t<div class=\"elementor-container elementor-column-gap-default\">\n\t\t\t\t\t<div class=\"elementor-column elementor-col-100 elementor-inner-column elementor-element elementor-element-e5ac872\" data-id=\"e5ac872\" data-element_type=\"column\" data-e-type=\"column\">\n\t\t\t<div class=\"elementor-widget-wrap elementor-element-populated\">\n\t\t\t\t\t\t<div class=\"elementor-element elementor-element-926cc98 elementor-widget elementor-widget-heading\" data-id=\"926cc98\" data-element_type=\"widget\" data-e-type=\"widget\" data-widget_type=\"heading.default\">\n\t\t\t\t<div class=\"elementor-widget-container\">\n\t\t\t\t\t<h5 class=\"elementor-heading-title elementor-size-default\">Our Offers<\/h5>\t\t\t\t<\/div>\n\t\t\t\t<\/div>\n\t\t\t\t<div class=\"elementor-element elementor-element-332bc4a elementor-widget-divider--separator-type-pattern elementor-widget-divider--no-spacing elementor-widget-divider--view-line elementor-widget elementor-widget-divider\" data-id=\"332bc4a\" data-element_type=\"widget\" data-e-type=\"widget\" data-widget_type=\"divider.default\">\n\t\t\t\t<div class=\"elementor-widget-container\">\n\t\t\t\t\t\t\t<div class=\"elementor-divider\" style=\"--divider-pattern-url: url(&quot;data:image\/svg+xml,%3Csvg xmlns=&#039;http:\/\/www.w3.org\/2000\/svg&#039; preserveAspectRatio=&#039;xMidYMid meet&#039; overflow=&#039;visible&#039; height=&#039;100%&#039; viewBox=&#039;0 0 126 26&#039; fill=&#039;black&#039; stroke=&#039;none&#039;%3E%3Cpath d=&#039;M3,10.2c2.6,0,2.6,2,2.6,3.2S4.4,16.5,3,16.5s-3-1.4-3-3.2S0.4,10.2,3,10.2z M18.8,10.2c1.7,0,3.2,1.4,3.2,3.2s-1.4,3.2-3.2,3.2c-1.7,0-3.2-1.4-3.2-3.2S17,10.2,18.8,10.2z M34.6,10.2c1.5,0,2.6,1.4,2.6,3.2s-0.5,3.2-1.9,3.2c-1.5,0-3.4-1.4-3.4-3.2S33.1,10.2,34.6,10.2z M50.5,10.2c1.7,0,3.2,1.4,3.2,3.2s-1.4,3.2-3.2,3.2c-1.7,0-3.3-0.9-3.3-2.6S48.7,10.2,50.5,10.2z M66.2,10.2c1.5,0,3.4,1.4,3.4,3.2s-1.9,3.2-3.4,3.2c-1.5,0-2.6-0.4-2.6-2.1S64.8,10.2,66.2,10.2z M82.2,10.2c1.7,0.8,2.6,1.4,2.6,3.2s-0.1,3.2-1.6,3.2c-1.5,0-3.7-1.4-3.7-3.2S80.5,9.4,82.2,10.2zM98.6,10.2c1.5,0,2.6,0.4,2.6,2.1s-1.2,4.2-2.6,4.2c-1.5,0-3.7-0.4-3.7-2.1S97.1,10.2,98.6,10.2z M113.4,10.2c1.2,0,2.2,0.9,2.2,3.2s-0.1,3.2-1.3,3.2s-3.1-1.4-3.1-3.2S112.2,10.2,113.4,10.2z&#039;\/%3E%3C\/svg%3E&quot;);\">\n\t\t\t<span class=\"elementor-divider-separator\">\n\t\t\t\t\t\t<\/span>\n\t\t<\/div>\n\t\t\t\t\t\t<\/div>\n\t\t\t\t<\/div>\n\t\t\t\t<div class=\"elementor-element elementor-element-65dbd58 elementor-invisible elementor-widget elementor-widget-heading\" data-id=\"65dbd58\" data-element_type=\"widget\" data-e-type=\"widget\" data-settings=\"{&quot;_animation&quot;:&quot;fadeInUp&quot;,&quot;_animation_delay&quot;:200}\" data-widget_type=\"heading.default\">\n\t\t\t\t<div class=\"elementor-widget-container\">\n\t\t\t\t\t<h2 class=\"elementor-heading-title elementor-size-default\">Tarife und Preise<\/h2>\t\t\t\t<\/div>\n\t\t\t\t<\/div>\n\t\t\t\t\t<\/div>\n\t\t<\/div>\n\t\t\t\t\t<\/div>\n\t\t<\/section>\n\t\t\t\t<div class=\"elementor-element elementor-element-de5653d elementor-widget elementor-widget-heading\" data-id=\"de5653d\" data-element_type=\"widget\" data-e-type=\"widget\" data-widget_type=\"heading.default\">\n\t\t\t\t<div class=\"elementor-widget-container\">\n\t\t\t\t\t<h6 class=\"elementor-heading-title elementor-size-default\">Tarife \/ Preise je Velo in CHF<\/h6>\t\t\t\t<\/div>\n\t\t\t\t<\/div>\n\t\t\t\t<div class=\"elementor-element elementor-element-3aa3d31 elementor-widget elementor-widget-html\" data-id=\"3aa3d31\" data-element_type=\"widget\" data-e-type=\"widget\" data-widget_type=\"html.default\">\n\t\t\t\t<div class=\"elementor-widget-container\">\n\t\t\t\t\t<style>\r\n    table.prices {\r\n        border: none;\r\n    }\r\n    \r\n    table.prices th,\r\n    table.prices td {\r\n        border: none;\r\n        text-align: left;\r\n    }\r\n    \r\n    table.prices th.head {\r\n        background-color: var(--e-global-color-primary);\r\n    }\r\n    \r\n    table.prices tr:not(.header) th,\r\n    table.prices tr:not(.header) td {\r\n        background-color: transparent;\r\n    }\r\n    \r\n    table.prices tr:not(.header):not(:last-child) {\r\n        border-bottom: 2px dotted var(--e-global-color-primary);\r\n    }\r\n    \r\n    table.prices.mobile-version {\r\n        display: none !important;\r\n    }\r\n    \r\n    @media screen and (max-width: 767px) {\r\n        table.prices.desktop-version {\r\n            display: none !important;\r\n        }\r\n        \r\n        table.prices.mobile-version {\r\n            display: table !important;\r\n        }\r\n    }\r\n<\/style>\r\n\r\n<table class=\"prices desktop-version\">\r\n  <tr class=\"header\">\r\n    <th class=\"head\"><\/th>\r\n    <th class=\"head\">Tag<\/th>\r\n    <th class=\"head\">Wochenende<\/th>\r\n    <th class=\"head\">Schulwoche<\/th>\r\n    <th class=\"head\">Woche<\/th>\r\n  <\/tr>\r\n  <tr>\r\n    <th class=\"row-header\">Erwachsene<\/th>\r\n    <td>19.00<\/td>\r\n    <td>33.00<\/td>\r\n    <td>74.00<\/td>\r\n    <td>91.00<\/td>\r\n  <\/tr>\r\n  <tr>\r\n    <th class=\"row-header\">Kinder u. Jugendliche*<\/th>\r\n    <td>12.50<\/td>\r\n    <td>22.00<\/td>\r\n    <td>49.00<\/td>\r\n    <td>59.00<\/td>\r\n  <\/tr>\r\n<\/table>\r\n\r\n<table class=\"prices mobile-version\">\r\n  <tr class=\"header\">\r\n    <th class=\"head\"><\/th>\r\n    <th class=\"head\">Erwachsene<\/th>\r\n    <th class=\"head\">Kinder u. Jugendliche*<\/th>\r\n  <\/tr>\r\n  <tr>\r\n    <th class=\"row-header\">Tag<\/th>\r\n    <td>19.00<\/td>\r\n    <td>12.50<\/td>\r\n  <\/tr>\r\n  <tr>\r\n    <th class=\"row-header\">Wochenende<\/th>\r\n    <td>33.00<\/td>\r\n    <td>22.00<\/td>\r\n  <\/tr>\r\n  <tr>\r\n    <th class=\"row-header\">Schulwoche<\/th>\r\n    <td>74.00<\/td>\r\n    <td>49.00<\/td>\r\n  <\/tr>\r\n  <tr>\r\n    <th class=\"row-header\">Woche<\/th>\r\n    <td>91.00<\/td>\r\n    <td>59.00<\/td>\r\n  <\/tr>\r\n<\/table>\t\t\t\t<\/div>\n\t\t\t\t<\/div>\n\t\t\t\t<div class=\"elementor-element elementor-element-2b8de36 elementor-widget elementor-widget-heading\" data-id=\"2b8de36\" data-element_type=\"widget\" data-e-type=\"widget\" data-widget_type=\"heading.default\">\n\t\t\t\t<div class=\"elementor-widget-container\">\n\t\t\t\t\t<h6 class=\"elementor-heading-title elementor-size-default\">Tarife \/ Preise je Velohelm in CHF<\/h6>\t\t\t\t<\/div>\n\t\t\t\t<\/div>\n\t\t\t\t<div class=\"elementor-element elementor-element-02e31a1 elementor-widget elementor-widget-html\" data-id=\"02e31a1\" data-element_type=\"widget\" data-e-type=\"widget\" data-widget_type=\"html.default\">\n\t\t\t\t<div class=\"elementor-widget-container\">\n\t\t\t\t\t<style>\r\n    table.prices {\r\n        border: none;\r\n        font-size: var(--e-global-font-size-text);\r\n    }\r\n    \r\n    table.prices th,\r\n    table.prices td {\r\n        border: none;\r\n        text-align: left;\r\n    }\r\n    \r\n    table.prices th.head {\r\n        background-color: var(--e-global-color-primary);\r\n    }\r\n    \r\n    table.prices tr:not(.header) th,\r\n    table.prices tr:not(.header) td {\r\n        background-color: transparent;\r\n    }\r\n    \r\n    table.prices tr:not(.header):not(:last-child) {\r\n        border-bottom: 2px dotted var(--e-global-color-primary);\r\n    }\r\n    \r\n    table.prices.mobile-version {\r\n        display: none !important;\r\n    }\r\n    \r\n    @media screen and (max-width: 767px) {\r\n        table.prices.desktop-version {\r\n            display: none !important;\r\n        }\r\n        \r\n        table.prices.mobile-version {\r\n            display: table !important;\r\n        }\r\n    }\r\n<\/style>\r\n\r\n<table class=\"prices desktop-version\">\r\n  <tr class=\"header\">\r\n    <th class=\"head\"><\/th>\r\n    <th class=\"head\">Tag<\/th>\r\n    <th class=\"head\">Wochenende<\/th>\r\n    <th class=\"head\">Schulwoche<\/th>\r\n    <th class=\"head\">Woche<\/th>\r\n  <\/tr>\r\n  <tr>\r\n    <th class=\"row-header\">Erwachsene<\/th>\r\n    <td>2.00<\/td>\r\n    <td>3.00<\/td>\r\n    <td>4.00<\/td>\r\n    <td>5.00<\/td>\r\n  <\/tr>\r\n  <tr>\r\n    <th class=\"row-header\">Kinder u. Jugendliche*<\/th>\r\n    <td>1.00<\/td>\r\n    <td>2.00<\/td>\r\n    <td>2.50<\/td>\r\n    <td>3.00<\/td>\r\n  <\/tr>\r\n<\/table>\r\n\r\n<table class=\"prices mobile-version\">\r\n  <tr class=\"header\">\r\n    <th class=\"head\"><\/th>\r\n    <th class=\"head\">Erwachsene<\/th>\r\n    <th class=\"head\">Kinder u. Jugendliche*<\/th>\r\n  <\/tr>\r\n  <tr>\r\n    <th class=\"row-header\">Tag<\/th>\r\n    <td>2.00<\/td>\r\n    <td>1.00<\/td>\r\n  <\/tr>\r\n  <tr>\r\n    <th class=\"row-header\">Wochenende<\/th>\r\n    <td>3.00<\/td>\r\n    <td>2.00<\/td>\r\n  <\/tr>\r\n  <tr>\r\n    <th class=\"row-header\">Schulwoche<\/th>\r\n    <td>4.00<\/td>\r\n    <td>2.50<\/td>\r\n  <\/tr>\r\n  <tr>\r\n    <th class=\"row-header\">Woche<\/th>\r\n    <td>5.00<\/td>\r\n    <td>3.00<\/td>\r\n  <\/tr>\r\n<\/table>\t\t\t\t<\/div>\n\t\t\t\t<\/div>\n\t\t\t\t<div class=\"elementor-element elementor-element-d5dde76 elementor-widget elementor-widget-text-editor\" data-id=\"d5dde76\" data-element_type=\"widget\" data-e-type=\"widget\" data-widget_type=\"text-editor.default\">\n\t\t\t\t<div class=\"elementor-widget-container\">\n\t\t\t\t\t\t\t\t\t* Kinder- und Jugendliche bis 16 Jahren, Kinder- und Jugendlichen-Einrichtungen und Organisationen, Beeintr\u00e4chtigten &#8211; Einrichtungen- und Organisationen sowie Schulen. Wir gew\u00e4hren\neinen Rabatt von 15% auf die Gesamtsumme f\u00fcr Naturparkgruppen, f\u00fcr NP &#8211; Schulen, NP &#8211; Partner und an NP &#8211; Veranstaltungen teilnehmende Gruppen. Die Miete kann tageweise erfolgen,\nwochenweise, f\u00fcr Wochenenden oder Schulwochen (Montag &#8211; Freitag).\t\t\t\t\t\t\t\t<\/div>\n\t\t\t\t<\/div>\n\t\t\t\t\t<\/div>\n\t\t<\/div>\n\t\t\t\t\t<\/div>\n\t\t<\/section>\n\t\t\t\t<section class=\"elementor-section elementor-top-section elementor-element elementor-element-2e79901 elementor-section-boxed elementor-section-height-default elementor-section-height-default\" data-id=\"2e79901\" data-element_type=\"section\" data-e-type=\"section\">\n\t\t\t\t\t\t<div class=\"elementor-container elementor-column-gap-default\">\n\t\t\t\t\t<div class=\"elementor-column elementor-col-100 elementor-top-column elementor-element elementor-element-faa7303\" data-id=\"faa7303\" data-element_type=\"column\" data-e-type=\"column\">\n\t\t\t<div class=\"elementor-widget-wrap elementor-element-populated\">\n\t\t\t\t\t\t<div class=\"elementor-element elementor-element-240a4fd elementor-widget elementor-widget-image\" data-id=\"240a4fd\" data-element_type=\"widget\" data-e-type=\"widget\" data-widget_type=\"image.default\">\n\t\t\t\t<div class=\"elementor-widget-container\">\n\t\t\t\t\t\t\t\t\t\t\t\t\t\t\t<img fetchpriority=\"high\" decoding=\"async\" width=\"800\" height=\"600\" src=\"https:\/\/begegnungszentrum.ch\/wp-content\/uploads\/2026\/08\/IMG_2428-1024x768.jpeg\" class=\"attachment-large size-large wp-image-5395\" alt=\"\" srcset=\"https:\/\/begegnungszentrum.ch\/wp-content\/uploads\/2026\/08\/IMG_2428-1024x768.jpeg 1024w, https:\/\/begegnungszentrum.ch\/wp-content\/uploads\/2026\/08\/IMG_2428-300x225.jpeg 300w, https:\/\/begegnungszentrum.ch\/wp-content\/uploads\/2026\/08\/IMG_2428-768x576.jpeg 768w, https:\/\/begegnungszentrum.ch\/wp-content\/uploads\/2026\/08\/IMG_2428-1536x1152.jpeg 1536w, https:\/\/begegnungszentrum.ch\/wp-content\/uploads\/2026\/08\/IMG_2428-2048x1536.jpeg 2048w, https:\/\/begegnungszentrum.ch\/wp-content\/uploads\/2026\/08\/IMG_2428-16x12.jpeg 16w\" sizes=\"(max-width: 800px) 100vw, 800px\" \/>\t\t\t\t\t\t\t\t\t\t\t\t\t\t\t<\/div>\n\t\t\t\t<\/div>\n\t\t\t\t<div class=\"elementor-element elementor-element-a380525 elementor-widget elementor-widget-image\" data-id=\"a380525\" data-element_type=\"widget\" data-e-type=\"widget\" data-widget_type=\"image.default\">\n\t\t\t\t<div class=\"elementor-widget-container\">\n\t\t\t\t\t\t\t\t\t\t\t\t\t\t\t<img decoding=\"async\" width=\"800\" height=\"600\" src=\"https:\/\/begegnungszentrum.ch\/wp-content\/uploads\/2026\/08\/IMG_2429-1024x768.jpeg\" class=\"attachment-large size-large wp-image-5396\" alt=\"\" srcset=\"https:\/\/begegnungszentrum.ch\/wp-content\/uploads\/2026\/08\/IMG_2429-1024x768.jpeg 1024w, https:\/\/begegnungszentrum.ch\/wp-content\/uploads\/2026\/08\/IMG_2429-300x225.jpeg 300w, https:\/\/begegnungszentrum.ch\/wp-content\/uploads\/2026\/08\/IMG_2429-768x576.jpeg 768w, https:\/\/begegnungszentrum.ch\/wp-content\/uploads\/2026\/08\/IMG_2429-1536x1152.jpeg 1536w, https:\/\/begegnungszentrum.ch\/wp-content\/uploads\/2026\/08\/IMG_2429-2048x1536.jpeg 2048w, https:\/\/begegnungszentrum.ch\/wp-content\/uploads\/2026\/08\/IMG_2429-16x12.jpeg 16w\" sizes=\"(max-width: 800px) 100vw, 800px\" \/>\t\t\t\t\t\t\t\t\t\t\t\t\t\t\t<\/div>\n\t\t\t\t<\/div>\n\t\t\t\t\t<\/div>\n\t\t<\/div>\n\t\t\t\t\t<\/div>\n\t\t<\/section>\n\t\t\t\t<\/div>","protected":false},"excerpt":{"rendered":"<p>Velo-Vermietung Von idyllischen Flusswegen bis zu spannenden Naturpfaden Die Region auf zwei R\u00e4dern entdecken Ab April 2026 k\u00f6nnen wir dank der grossz\u00fcgigen Unterst\u00fctzung und F\u00f6rderung durch den Regionalen Naturpark Schaffhausen\u00a0Velos zur Miete anbieten. Wir verf\u00fcgen \u00fcber insgesamt 25 Klappvelos, die sowohl f\u00fcr Jugendliche als auch f\u00fcr Erwachsene geeignet sind. Alle Modelle sind rein mechanisch mit [&hellip;]<\/p>\n","protected":false},"author":1,"featured_media":0,"parent":1112,"menu_order":0,"comment_status":"closed","ping_status":"closed","template":"elementor_header_footer","meta":{"footnotes":""},"class_list":["post-4647","page","type-page","status-publish","hentry"],"_links":{"self":[{"href":"https:\/\/begegnungszentrum.ch\/en\/wp-json\/wp\/v2\/pages\/4647","targetHints":{"allow":["GET"]}}],"collection":[{"href":"https:\/\/begegnungszentrum.ch\/en\/wp-json\/wp\/v2\/pages"}],"about":[{"href":"https:\/\/begegnungszentrum.ch\/en\/wp-json\/wp\/v2\/types\/page"}],"author":[{"embeddable":true,"href":"https:\/\/begegnungszentrum.ch\/en\/wp-json\/wp\/v2\/users\/1"}],"replies":[{"embeddable":true,"href":"https:\/\/begegnungszentrum.ch\/en\/wp-json\/wp\/v2\/comments?post=4647"}],"version-history":[{"count":42,"href":"https:\/\/begegnungszentrum.ch\/en\/wp-json\/wp\/v2\/pages\/4647\/revisions"}],"predecessor-version":[{"id":5399,"href":"https:\/\/begegnungszentrum.ch\/en\/wp-json\/wp\/v2\/pages\/4647\/revisions\/5399"}],"up":[{"embeddable":true,"href":"https:\/\/begegnungszentrum.ch\/en\/wp-json\/wp\/v2\/pages\/1112"}],"wp:attachment":[{"href":"https:\/\/begegnungszentrum.ch\/en\/wp-json\/wp\/v2\/media?parent=4647"}],"curies":[{"name":"wp","href":"https:\/\/api.w.org\/{rel}","templated":true}]}}